{"id":2681,"date":"2025-06-17T21:42:15","date_gmt":"2025-06-17T21:42:15","guid":{"rendered":"https:\/\/fechiteme.cl\/ns\/?page_id=2681"},"modified":"2025-06-17T21:47:57","modified_gmt":"2025-06-17T21:47:57","slug":"asociaciones-afiliadas","status":"publish","type":"page","link":"https:\/\/fechiteme.cl\/ns\/asociaciones-afiliadas\/","title":{"rendered":"Asociaciones Afiliadas"},"content":{"rendered":"\t\t<div data-elementor-type=\"wp-page\" data-elementor-id=\"2681\" class=\"elementor elementor-2681\" data-elementor-post-type=\"page\">\n\t\t\t\t<div class=\"elementor-element elementor-element-19f2d70 e-flex e-con-boxed e-con e-parent\" data-id=\"19f2d70\" data-element_type=\"container\">\n\t\t\t\t\t<div class=\"e-con-inner\">\n\t\t\t\t<div class=\"elementor-element elementor-element-03c619f elementor-widget elementor-widget-text-editor\" data-id=\"03c619f\" data-element_type=\"widget\" data-widget_type=\"text-editor.default\">\n\t\t\t\t<div class=\"elementor-widget-container\">\n\t\t\t\t\t\t\t\t\t<p>El Comit\u00e9 Paral\u00edmpico de Chile, como organismo que lidera el deporte paral\u00edmpico a nivel nacional, trabaja en su desarrollo con las Federaciones Nacionales que gobiernan su deporte de acuerdo a estructura internacional.<\/p><p><strong>Asociaciones Afiliadas<\/strong>\u00a0<strong>(44)<\/strong><\/p><ul class=\"wp-block-list\"><li><b>Federaci\u00f3n Chilena de Tenis de Mesa<\/b><br \/><strong>Presidenta: <\/strong>Beatriz Campillay Rojas<br \/><strong>Contacto:<\/strong> info@fechiteme.cl<br \/><br \/><\/li><\/ul>\t\t\t\t\t\t\t\t<\/div>\n\t\t\t\t<\/div>\n\t\t\t\t\t<\/div>\n\t\t\t\t<\/div>\n\t\t<div class=\"elementor-element elementor-element-59d2c80 e-grid e-con-boxed e-con e-parent\" data-id=\"59d2c80\" data-element_type=\"container\">\n\t\t\t\t\t<div class=\"e-con-inner\">\n\t\t\t\t<div class=\"elementor-element elementor-element-ea146c1 elementor-widget elementor-widget-text-editor\" data-id=\"ea146c1\" data-element_type=\"widget\" data-widget_type=\"text-editor.default\">\n\t\t\t\t<div class=\"elementor-widget-container\">\n\t\t\t\t\t\t\t\t\t<p><strong>Asociaci\u00f3n Local de Tenis de Mesa\u00a0<\/strong><br \/><strong>Contacto:<\/strong>\u00a0 \/ +569\u00a0<br \/><strong>Email: <\/strong>@<br \/><strong>Red social:\u00a0<\/strong><\/p>\t\t\t\t\t\t\t\t<\/div>\n\t\t\t\t<\/div>\n\t\t\t\t<div class=\"elementor-element elementor-element-0dfa266 elementor-widget elementor-widget-text-editor\" data-id=\"0dfa266\" data-element_type=\"widget\" data-widget_type=\"text-editor.default\">\n\t\t\t\t<div class=\"elementor-widget-container\">\n\t\t\t\t\t\t\t\t\t<p><strong>Asociaci\u00f3n Local de Tenis de Mesa\u00a0<\/strong><br \/><strong>Contacto:<\/strong>\u00a0 \/ +569\u00a0<br \/><strong>Email: <\/strong>@<br \/><strong>Red social:\u00a0<\/strong><\/p>\t\t\t\t\t\t\t\t<\/div>\n\t\t\t\t<\/div>\n\t\t\t\t<div class=\"elementor-element elementor-element-052fc9e elementor-widget elementor-widget-text-editor\" data-id=\"052fc9e\" data-element_type=\"widget\" data-widget_type=\"text-editor.default\">\n\t\t\t\t<div class=\"elementor-widget-container\">\n\t\t\t\t\t\t\t\t\t<p><strong>Asociaci\u00f3n Local de Tenis de Mesa\u00a0<\/strong><br \/><strong>Contacto:<\/strong>\u00a0 \/ +569\u00a0<br \/><strong>Email: <\/strong>@<br \/><strong>Red social:\u00a0<\/strong><\/p>\t\t\t\t\t\t\t\t<\/div>\n\t\t\t\t<\/div>\n\t\t\t\t<div class=\"elementor-element elementor-element-aea24a8 elementor-widget elementor-widget-text-editor\" data-id=\"aea24a8\" data-element_type=\"widget\" data-widget_type=\"text-editor.default\">\n\t\t\t\t<div class=\"elementor-widget-container\">\n\t\t\t\t\t\t\t\t\t<p><strong>Asociaci\u00f3n Local de Tenis de Mesa\u00a0<\/strong><br \/><strong>Contacto:<\/strong>\u00a0 \/ +569\u00a0<br \/><strong>Email: <\/strong>@<br \/><strong>Red social:\u00a0<\/strong><\/p>\t\t\t\t\t\t\t\t<\/div>\n\t\t\t\t<\/div>\n\t\t\t\t\t<\/div>\n\t\t\t\t<\/div>\n\t\t\t\t<\/div>\n\t\t","protected":false},"excerpt":{"rendered":"<p>El Comit\u00e9 Paral\u00edmpico de Chile, como organismo que lidera el deporte paral\u00edmpico a nivel nacional, trabaja en su desarrollo con las Federaciones Nacionales que gobiernan su deporte de acuerdo a estructura internacional. Asociaciones Afiliadas\u00a0(44) Federaci\u00f3n Chilena de Tenis de MesaPresidenta: Beatriz Campillay RojasContacto: info@fechiteme.cl Asociaci\u00f3n Local de Tenis de Mesa\u00a0Contacto:\u00a0 \/ +569\u00a0Email: @Red social:\u00a0 Asociaci\u00f3n&#8230;<\/p>\n","protected":false},"author":1,"featured_media":0,"parent":0,"menu_order":0,"comment_status":"closed","ping_status":"closed","template":"","meta":{"footnotes":""},"class_list":["post-2681","page","type-page","status-publish","hentry"],"_links":{"self":[{"href":"https:\/\/fechiteme.cl\/ns\/wp-json\/wp\/v2\/pages\/2681","targetHints":{"allow":["GET"]}}],"collection":[{"href":"https:\/\/fechiteme.cl\/ns\/wp-json\/wp\/v2\/pages"}],"about":[{"href":"https:\/\/fechiteme.cl\/ns\/wp-json\/wp\/v2\/types\/page"}],"author":[{"embeddable":true,"href":"https:\/\/fechiteme.cl\/ns\/wp-json\/wp\/v2\/users\/1"}],"replies":[{"embeddable":true,"href":"https:\/\/fechiteme.cl\/ns\/wp-json\/wp\/v2\/comments?post=2681"}],"version-history":[{"count":3,"href":"https:\/\/fechiteme.cl\/ns\/wp-json\/wp\/v2\/pages\/2681\/revisions"}],"predecessor-version":[{"id":2684,"href":"https:\/\/fechiteme.cl\/ns\/wp-json\/wp\/v2\/pages\/2681\/revisions\/2684"}],"wp:attachment":[{"href":"https:\/\/fechiteme.cl\/ns\/wp-json\/wp\/v2\/media?parent=2681"}],"curies":[{"name":"wp","href":"https:\/\/api.w.org\/{rel}","templated":true}]}}